{"id":157,"date":"2017-12-10T18:27:30","date_gmt":"2017-12-10T17:27:30","guid":{"rendered":"http:\/\/leruchersx.cluster023.hosting.ovh.net\/?page_id=157"},"modified":"2018-04-23T23:19:18","modified_gmt":"2018-04-23T21:19:18","slug":"le-frelon-asiatique","status":"publish","type":"page","link":"https:\/\/www.lerucherduperigord.fr\/index.php\/le-frelon-asiatique\/","title":{"rendered":"Le frelon asiatique"},"content":{"rendered":"<div class=\"mp-row-fluid motopress-row mpce-dsbl-margin-left mpce-dsbl-margin-right\">\n<div class=\"motopress-clmn mp-span12  mpce-dsbl-margin-left mpce-dsbl-margin-right\">\n<div class=\"motopress-image-slider-obj motopress-flexslider mp-flexslider-obj flexslider\"data-atts=\"{&quot;slideshow&quot;:true,&quot;animation&quot;:&quot;fade&quot;,&quot;controlNav&quot;:true,&quot;slideshowSpeed&quot;:4000,&quot;animationSpeed&quot;:200,&quot;smoothHeight&quot;:false,&quot;keyboard&quot;:true}\"><ul class=\"slides\"><li><img src=\"https:\/\/www.lerucherduperigord.fr\/wp-content\/uploads\/2017\/12\/01.png\" title=\"01\" alt=\"01\" \/><\/li><li><img src=\"https:\/\/www.lerucherduperigord.fr\/wp-content\/uploads\/2017\/12\/02.png\" title=\"02\" alt=\"02\" \/><\/li><li><img src=\"https:\/\/www.lerucherduperigord.fr\/wp-content\/uploads\/2017\/12\/03.png\" title=\"03\" alt=\"03\" \/><\/li><li><img src=\"https:\/\/www.lerucherduperigord.fr\/wp-content\/uploads\/2017\/12\/04.png\" title=\"04\" alt=\"04\" \/><\/li><li><img src=\"https:\/\/www.lerucherduperigord.fr\/wp-content\/uploads\/2017\/12\/05.png\" title=\"05\" alt=\"05\" \/><\/li><li><img src=\"https:\/\/www.lerucherduperigord.fr\/wp-content\/uploads\/2017\/12\/06.png\" title=\"06\" alt=\"06\" \/><\/li><li><img src=\"https:\/\/www.lerucherduperigord.fr\/wp-content\/uploads\/2017\/12\/07.png\" title=\"07\" alt=\"07\" \/><\/li><li><img src=\"https:\/\/www.lerucherduperigord.fr\/wp-content\/uploads\/2017\/12\/08.png\" title=\"08\" alt=\"08\" \/><\/li><li><img src=\"https:\/\/www.lerucherduperigord.fr\/wp-content\/uploads\/2017\/12\/09.png\" title=\"09\" alt=\"09\" \/><\/li><li><img src=\"https:\/\/www.lerucherduperigord.fr\/wp-content\/uploads\/2017\/12\/10.png\" title=\"10\" alt=\"10\" \/><\/li><li><img src=\"https:\/\/www.lerucherduperigord.fr\/wp-content\/uploads\/2017\/12\/11.png\" title=\"11\" alt=\"11\" \/><\/li><li><img src=\"https:\/\/www.lerucherduperigord.fr\/wp-content\/uploads\/2017\/12\/12.png\" title=\"12\" alt=\"12\" \/><\/li><\/ul><\/div>\n<\/div>\n<\/div>\n<div class=\"mp-row-fluid motopress-row mpce-dsbl-margin-left mpce-dsbl-margin-right\">\n<div class=\"motopress-clmn mp-span12  mpce-dsbl-margin-left mpce-dsbl-margin-right\">\n<div id=\"wb_Text3\"><span style=\"color: #0000ff; font-family: Arial;\"><b>Historique.<br \/>\n<\/b><\/span><span style=\"color: #000000; font-family: Arial;\"><br \/>\n<\/span><span style=\"color: #0000ff; font-family: Arial;\"><b>1- Arriv\u00e9e de Vespa Velutina en Aquitaine.<\/b><br \/>\n<\/span><span style=\"color: #000000; font-family: Arial;\"><span style=\"color: #000000; font-family: Arial;\"><br \/>\nC&rsquo;est pendant l&rsquo;\u00e9t\u00e9 2006 que Jean Haxaire, entomologiste renomm\u00e9, annon\u00e7ait dans un article du journal Sud-Ouest, le pr\u00e9sence en Aquitaine d&rsquo;un frelon d&rsquo;origine asiatique, d\u00e9couvert en 2004 en Lot-et-Garonne , du nom de Vespa Velutina Nigrithorax.<\/span><\/span>La direction des services v\u00e9t\u00e9rinaires de la Dordogne, signalait, quelques jours apr\u00e8s, l&rsquo;arriv\u00e9e de cet hym\u00e9nopt\u00e8re dans le d\u00e9partement.<br \/>\nDepuis, bien install\u00e9 chez nous, ce frelon ne cesse de coloniser le territoire et de se multiplier.<\/div>\n<div><\/div>\n<div>\n<p><span style=\"color: #0000ff; font-family: Arial;\"><b>2- Campagne de pi\u00e9geage.<\/b><\/span><\/p>\n<p>Une campagne de pi\u00e9geage initi\u00e9e par la Pr\u00e9fecture de la Dordogne et soutenue par le Conseil G\u00e9n\u00e9ral et l&rsquo;Union des Maires a \u00e9t\u00e9 mise en place au printemps 2008. Elle a permis le pr\u00e9l\u00e8vement de nombreuses fondatrices.<br \/>\nLa premi\u00e8re, pour nous, a \u00e9t\u00e9 pi\u00e9g\u00e9e \u00e0 Rib\u00e9rac, chez un habitant de Toutifaut, le 22 F\u00e9vrier, soit une semaine apr\u00e8s le d\u00e9but du processus de pi\u00e9geage.<\/p>\n<p>Les prises futures ont \u00e9t\u00e9 li\u00e9es aux conditions atmosph\u00e9riques: positives les jours de beau temps, n\u00e9gatives les autres jours.<\/p>\n<p>D\u00e8s le 1er Mai, les fondatrices de notre frelon (europ\u00e9en) Vespa Crabro ont \u00e9t\u00e9 plus nombreuses dans les pi\u00e8ges que les fondatrices Velutina, aussi avons-nous cess\u00e9 la pose de pi\u00e8ges vers le 15 Mai.<br \/>\nPour ceux d&rsquo;entre nous qui avons poursuivi le pi\u00e9geage, ce dernier s&rsquo;est sold\u00e9 par des prises insignifiantes de Velutina en Juin; 1V.V. pour 19 V.C., 3 V.V. pour 40 V.C&#8230;. Nos r\u00e9sultats ont \u00e9t\u00e9 transmis au CNRS.<\/p>\n<p><span style=\"color: #0000ff; font-family: Arial;\"><b>3- Les diff\u00e9rents types de pi\u00e8ges.<\/b><\/span><\/p>\n<p>Au d\u00e9but du pi\u00e9geage, nous avons utilis\u00e9 le pi\u00e8ge s\u00e9lectif de Jacques Blot (pi\u00e8ge 1). Tr\u00e8s vite, ce pi\u00e8ge s&rsquo;est r\u00e9v\u00e9l\u00e9 inefficace. Les effluves lib\u00e9r\u00e9s par les app\u00e2ts s&rsquo;\u00e9chappaient par les trous lat\u00e9raux du manchon en plastique et non par l&#8217;embout de l&rsquo;entonnoir.<\/p>\n<p>De plus, les mouches prisonni\u00e8res n&rsquo;ont pas pu sortir par les ouvertures lat\u00e9rales pr\u00e9vues \u00e0 cet effet, les insectes pris essayant de s&rsquo;\u00e9chapper vers le haut du pi\u00e8ge.<br \/>\nLes apiculteurs et les r\u00e9f\u00e9rents ont alors r\u00e9fl\u00e9chi \u00e0 d&rsquo;autres pi\u00e8ges plus efficaces, sans ouvertures lat\u00e9rales, sans bouchon \u00e0 l&rsquo;extr\u00e9mit\u00e9 de l&rsquo;entonnoir, vari\u00e9 les types de pi\u00e8ges et les app\u00e2ts utilis\u00e9s, et les frelons V.V. sont entr\u00e9s.<\/p>\n<p>La campagne de pi\u00e9geage 2009 s&rsquo;est mise en place.<br \/>\nLe pi\u00e8ge de Jacques Blot a \u00e9t\u00e9 modifi\u00e9 (sch\u00e9ma ci-contre)<\/p>\n<p>Il aurait d\u00fb bien fonctionner. Le pi\u00e9geage devait d\u00e9buter vers le 15 F\u00e9vrier et se terminer au moment de la sortie d&rsquo;hibernation des femelles Vespa Crabro.<br \/>\nLa pr\u00e9dation de Vespa Velutina sur nos colonies d&rsquo;abeilles est ind\u00e9niable. Chacun de nous s&rsquo;est investi dans la lutte contre cet envahisseur en pi\u00e9geant, en signalant et \/ou en d\u00e9truisant les nids d\u00e8s que ces derniers ont \u00e9t\u00e9 d\u00e9couverts.<\/p>\n<p><span style=\"color: #0000ff; font-family: Arial;\"><b>4- R\u00e9action constat\u00e9e des abeilles.<\/b><br \/>\n<\/span><span style=\"color: #000000; font-family: Arial;\"><br \/>\nA l&rsquo;automne 2007, notre rucher-\u00e9cole \u00e9tait infest\u00e9 par cet ind\u00e9sirable: une dizaine de frelons autour de chaque ruche dans un bourdonnement lourd semblable \u00e0 celui de Vespa Crabro. Une trentaine d&rsquo;abeilles regroup\u00e9es \u00e0 droite de chaque planche d&rsquo;envol lib\u00e9raient le passage \u00e0 gauche pour leurs cong\u00e9n\u00e8res. Les frelons, dans un va-et-vient continu, repartaient avec une abeille qu&rsquo;ils d\u00e9corticaient et consommaient sur place ou disparaissaient dans trois directions diff\u00e9rentes sans que nous puissions localiser les nids.<br \/>\nDans le m\u00eame temps, nous observions que nos abeilles essayaient de se prot\u00e9ger du pr\u00e9dateur. Ainsi, un essaim install\u00e9 dans un f\u00fbt, depuis plusieurs ann\u00e9es et devenu une colonie prosp\u00e8re organisait sa protection.<br \/>\nEn 2007 comme en 2008, les abeilles ont colmat\u00e9 le trou de la bonde, ne laissant qu un \u00e9troit passage prot\u00e9g\u00e9 de l&rsquo;int\u00e9rieur par les gardiennes.<\/span><\/p>\n<p><span style=\"color: #0000ff; font-family: Arial;\"><b>5- Mesures prises pour la protection des abeilles.<\/b><br \/>\n<\/span><span style=\"color: #000000; font-family: Arial;\"><br \/>\nDevant cette situation inqui\u00e9tante, nous avons nourri et nourri nos colonies, d&rsquo;abord avec du sirop, ensuite avec du Candi et ce jusqu \u00e0 la visite de printemps. Ce jour-l\u00e0, nous avons eu l&rsquo;agr\u00e9able surprise de retrouver toutes nos colonies vivantes et en bon \u00e9tat. Un seul essaim \u00e9tait orphelin. A l&rsquo;automne 2008, l&rsquo;infestation du rucher-\u00e9cole \u00e9tait comparable \u00e0 celle de 2007.<br \/>\nLors de la mise en hivernage, nous avons plac\u00e9 des r\u00e9ducteurs d&rsquo;entr\u00e9e en plastique pour les ruches \u00e9quip\u00e9es de plateau Nicoplast, retourn\u00e9 les porti\u00e8res m\u00e9talliques et r\u00e9duit l&rsquo;entr\u00e9e \u00e0 5,5 mm de hauteur pour les autres. Plus d&rsquo;abeilles sur les planches d&rsquo;envol en attente.<br \/>\nNous avons \u00ab\u00a0truff\u00e9\u00a0\u00bb le rucher de pi\u00e8ges bouteilles et d&rsquo;un pi\u00e8ge grand format \u00e9labor\u00e9 par l&rsquo;un des n\u00f4tres.<\/span><\/p>\n<p>Les jours o\u00f9 les abeilles ne sortaient pas, les frelons tournaient autour des ruches et finissaient par entrer dans les pi\u00e8ges. Chaque fois que nous avons renouvel\u00e9 les app\u00e2ts, nous avons fait de belles collectes.<\/p>\n<p><span style=\"color: #0000ff; font-family: Arial;\"><b>6- Implication des scientifiques.<\/b><\/span><\/p>\n<p>Notre vigilance est n\u00e9cessaire mais elle est insuffisante. Aussi le Rucher du P\u00e9rigord a-t-il d\u00e9cid\u00e9 d&rsquo;apporter son concours aux scientifiques charg\u00e9s du projet d&rsquo;\u00e9tudes de Vespa Velutina en Aquitaine.<br \/>\nLe 25 Juin 2008, deux chercheurs du C.N.R.S. de Gif sur Yvette Agn\u00e8s Rortais et G\u00e9rard Arnold sont venus choisir les ruchers que nous mettions \u00e0 leur disposition pour effectuer leurs travaux. 3 ruchers ont \u00e9t\u00e9 retenus dans le d\u00e9partement dont un s\u00e9curis\u00e9 pour l&rsquo;installation de cam\u00e9ras et de mat\u00e9riel informatique.<\/p>\n<p>Ces ruchers r\u00e9pondaient aux crit\u00e8res d\u00e9finis par les chercheurs eux-m\u00eames.<\/p>\n<p>A sa demande, nous avons mis \u00e0 la disposition du chercheur du Mus\u00e9um d Histoire Naturelle les ruches dont elle avait besoin pour ses travaux dans le Sarladais.<\/p>\n<p>Le 11 Septembre 2008, cam\u00e9ras et mat\u00e9riel informatique ont \u00e9t\u00e9 d\u00e9plac\u00e9s vers le site de l&rsquo;INRA, \u00e0 Villenave d&rsquo;Ornon o\u00f9 Vespa Velutina pullulait.<\/p>\n<p>En 2008, 2009 et 2010, les scientifiques du CNRS sont venus travailler dans les ruchers exp\u00e9rimentaux mis \u00e0 leur disposition. Nous avons \u00e9t\u00e9 r\u00e9guli\u00e8rement inform\u00e9s des r\u00e9sultats de leurs travaux.<\/p>\n<p>Lors de nos assembl\u00e9es g\u00e9n\u00e9rales, nous avons accueilli ces scientifiques: Denis Thiery de l&rsquo;INRA de Bordeaux, en 2009, pr\u00e9sent\u00e9 les travaux de Nevile Maher, en 2010, re\u00e7u Mariangela Arca du CNRS, en 2011, Quentin Rome du MNHN, en 2012, Eric Darouzet de l&rsquo;Universit\u00e9 de Tours, en 2013.<\/p>\n<p>A ce jour, tous les scientifiques charg\u00e9s de l&rsquo;\u00e9tude du frelon asiatique, s&rsquo;accordent \u00e0 dire que le pi\u00e9geage de printemps est inefficace et n&rsquo;induit pas la diminution des nids dans les secteurs pi\u00e9g\u00e9s, il est dommageable pour la biodiversit\u00e9.<\/p>\n<p>R\u00e9servons nos collectes \u00e0 ceux qui sont en mesure de v\u00e9rifier s&rsquo;il s&rsquo;agit de femelles f\u00e9cond\u00e9es ou non afin d&rsquo;avancer peut-\u00eatre vers de nouvelles strat\u00e9gies.<\/p>\n<\/div>\n<\/div>\n<\/div>\n","protected":false},"excerpt":{"rendered":"Historique. 1- Arriv\u00e9e de Vespa Velutina en Aquitaine. C&rsquo;est pendant l&rsquo;\u00e9t\u00e9 2006 que Jean Haxaire, entomologiste renomm\u00e9, annon\u00e7ait dans un article du journal Sud-Ouest, le pr\u00e9sence en Aquitaine d&rsquo;un frelon d&rsquo;origine asiatique, d\u00e9couvert en 2004 en Lot-et-Garonne , du nom de Vespa Velutina Nigrithorax.La direction des services v\u00e9t\u00e9rinaires de la Dordogne, signalait, quelques jours apr\u00e8s,&hellip; <p class=\"toivo-read-more\"><a href=\"https:\/\/www.lerucherduperigord.fr\/index.php\/le-frelon-asiatique\/\" class=\"more-link\">Lire la suite <span class=\"screen-reader-text\">Le frelon asiatique<\/span><\/a><\/p>","protected":false},"author":1,"featured_media":0,"parent":0,"menu_order":7,"comment_status":"closed","ping_status":"closed","template":"","meta":[],"_links":{"self":[{"href":"https:\/\/www.lerucherduperigord.fr\/index.php\/wp-json\/wp\/v2\/pages\/157"}],"collection":[{"href":"https:\/\/www.lerucherduperigord.fr\/index.php\/wp-json\/wp\/v2\/pages"}],"about":[{"href":"https:\/\/www.lerucherduperigord.fr\/index.php\/wp-json\/wp\/v2\/types\/page"}],"author":[{"embeddable":true,"href":"https:\/\/www.lerucherduperigord.fr\/index.php\/wp-json\/wp\/v2\/users\/1"}],"replies":[{"embeddable":true,"href":"https:\/\/www.lerucherduperigord.fr\/index.php\/wp-json\/wp\/v2\/comments?post=157"}],"version-history":[{"count":6,"href":"https:\/\/www.lerucherduperigord.fr\/index.php\/wp-json\/wp\/v2\/pages\/157\/revisions"}],"predecessor-version":[{"id":282,"href":"https:\/\/www.lerucherduperigord.fr\/index.php\/wp-json\/wp\/v2\/pages\/157\/revisions\/282"}],"wp:attachment":[{"href":"https:\/\/www.lerucherduperigord.fr\/index.php\/wp-json\/wp\/v2\/media?parent=157"}],"curies":[{"name":"wp","href":"https:\/\/api.w.org\/{rel}","templated":true}]}}